{"id":70,"date":"2015-02-18T21:35:02","date_gmt":"2015-02-18T19:35:02","guid":{"rendered":"http:\/\/www.jedlegastany.sk\/?page_id=70"},"modified":"2022-08-02T22:28:24","modified_gmt":"2022-08-02T20:28:24","slug":"nasa-gastanica","status":"publish","type":"page","link":"http:\/\/www.jedlegastany.sk\/?page_id=70","title":{"rendered":"Na\u0161a ga\u0161tanica"},"content":{"rendered":"<h2>Jeleneck\u00e1 ga\u0161tanica<\/h2>\n<p>Ga\u0161tany, ktor\u00e9 pon\u00fakame na predaj. Poch\u00e1dzaj\u00fa z Jeleneckej ga\u0161tanice, ktor\u00fa m\u00e1me v dlhodobom pren\u00e1jme. Z d\u00f4vodu toho, \u017ee je ga\u0161tanica chr\u00e1nen\u00fd are\u00e1l, nie je mo\u017en\u00e9 vykon\u00e1va\u0165 \u017eiadne chemick\u00e9 postreky a ani \u017eiadne in\u00e9 z\u00e1sahy. T\u00fdm p\u00e1dom s\u00fa ga\u0161tany BIO.<\/p>\n<p><a href=\"http:\/\/www.jedlegastany.sk\/wp-content\/uploads\/2015\/02\/gastanica.jpg\"><img decoding=\"async\" loading=\"lazy\" class=\"alignnone size-medium wp-image-80\" src=\"http:\/\/www.jedlegastany.sk\/wp-content\/uploads\/2015\/02\/gastanica-300x225.jpg\" alt=\"gastanica\" width=\"300\" height=\"225\" srcset=\"http:\/\/www.jedlegastany.sk\/wp-content\/uploads\/2015\/02\/gastanica-300x225.jpg 300w, http:\/\/www.jedlegastany.sk\/wp-content\/uploads\/2015\/02\/gastanica.jpg 1024w, http:\/\/www.jedlegastany.sk\/wp-content\/uploads\/2015\/02\/gastanica-624x468.jpg 624w\" sizes=\"(max-width: 300px) 100vw, 300px\" \/><\/a><\/p>\n<p>Chr\u00e1nen\u00fd are\u00e1l &#8211; ga\u0161tanica sa nach\u00e1dza cca 5 km severne za obcou Jelenec, jej rozloha je 3,8 ha. Za chr\u00e1nen\u00e9 \u00fazemie bola vyhl\u00e1sen\u00e1 v roku 1986, v&nbsp;d\u00f4sledku snahy o&nbsp;z\u00e1chranu star\u00e9ho lesn\u00e9ho porastu v&nbsp;Tr\u00edbe\u010di. Ga\u0161tanica je najkraj\u0161\u00ed a najstar\u0161\u00ed umelo zalo\u017een\u00fd porast ga\u0161tana jedl\u00e9ho, ktor\u00fd sa \u00faspe\u0161ne aklimatizoval v prostred\u00ed dubovo-hrabov\u00fdch lesov. Objavi\u0165 tu m\u00f4\u017eete stromy star\u00e9 300 i&nbsp;viac rokov. Are\u00e1l sa nach\u00e1dza na severoz\u00e1padnom svahu vrchu D\u00fa\u0148 v nadmorskej v\u00fd\u0161ke 430 \u2013 450 m n.m., &nbsp;je zvy\u0161kom star\u00e9ho porastu ga\u0161tana jedl\u00e9ho vysaden\u00e9ho v roku 1240-1241 gr\u00f3fom Forg\u00e1chom z g\u00fdme\u0161sk\u00e9ho hradu. Lesy pod G\u00fdme\u0161om boli eur\u00f3psky v\u00fdznamn\u00fdm po\u013eovn\u00fdm rev\u00edrom. Domovom ga\u0161tana jedl\u00e9ho je ju\u017en\u00e1 Eur\u00f3pa, Mal\u00e1 \u00c1zia a severn\u00e1 Afrika a o jeho roz\u0161\u00edrenie do severnej\u0161\u00edch \u00fazem\u00ed sa zasl\u00fa\u017eili r\u00edmski vojaci.<\/p>\n<p>Od 22. septembra do 30. okt\u00f3bra je ga\u0161tanica pre verejnos\u0165 nepr\u00edstupn\u00e1, z d\u00f4vodu zberu ga\u0161tanov,<\/p>\n<p>.<a href=\"http:\/\/www.jedlegastany.sk\/wp-content\/uploads\/2015\/02\/Chestnuts02.jpg\"><img decoding=\"async\" loading=\"lazy\" class=\"alignnone  wp-image-60\" src=\"http:\/\/www.jedlegastany.sk\/wp-content\/uploads\/2015\/02\/Chestnuts02-300x245.jpg\" alt=\"Chestnuts02\" width=\"296\" height=\"242\" srcset=\"http:\/\/www.jedlegastany.sk\/wp-content\/uploads\/2015\/02\/Chestnuts02-300x245.jpg 300w, http:\/\/www.jedlegastany.sk\/wp-content\/uploads\/2015\/02\/Chestnuts02-1024x836.jpg 1024w, http:\/\/www.jedlegastany.sk\/wp-content\/uploads\/2015\/02\/Chestnuts02-624x509.jpg 624w, http:\/\/www.jedlegastany.sk\/wp-content\/uploads\/2015\/02\/Chestnuts02.jpg 1600w\" sizes=\"(max-width: 296px) 100vw, 296px\" \/><\/a><\/p>\n\n","protected":false},"excerpt":{"rendered":"<p>Jeleneck\u00e1 ga\u0161tanica Ga\u0161tany, ktor\u00e9 pon\u00fakame na predaj. Poch\u00e1dzaj\u00fa z Jeleneckej ga\u0161tanice, ktor\u00fa m\u00e1me v dlhodobom pren\u00e1jme. Z d\u00f4vodu toho, \u017ee je ga\u0161tanica chr\u00e1nen\u00fd are\u00e1l, nie je mo\u017en\u00e9 vykon\u00e1va\u0165 \u017eiadne chemick\u00e9 postreky a ani \u017eiadne in\u00e9 z\u00e1sahy. T\u00fdm p\u00e1dom s\u00fa ga\u0161tany BIO. Chr\u00e1nen\u00fd are\u00e1l &#8211; ga\u0161tanica sa nach\u00e1dza cca 5 km severne za obcou Jelenec, jej [&hellip;]<\/p>\n","protected":false},"author":1,"featured_media":0,"parent":0,"menu_order":3,"comment_status":"closed","ping_status":"closed","template":"","meta":{"_mi_skip_tracking":false},"aioseo_notices":[],"_links":{"self":[{"href":"http:\/\/www.jedlegastany.sk\/index.php?rest_route=\/wp\/v2\/pages\/70"}],"collection":[{"href":"http:\/\/www.jedlegastany.sk\/index.php?rest_route=\/wp\/v2\/pages"}],"about":[{"href":"http:\/\/www.jedlegastany.sk\/index.php?rest_route=\/wp\/v2\/types\/page"}],"author":[{"embeddable":true,"href":"http:\/\/www.jedlegastany.sk\/index.php?rest_route=\/wp\/v2\/users\/1"}],"replies":[{"embeddable":true,"href":"http:\/\/www.jedlegastany.sk\/index.php?rest_route=%2Fwp%2Fv2%2Fcomments&post=70"}],"version-history":[{"count":0,"href":"http:\/\/www.jedlegastany.sk\/index.php?rest_route=\/wp\/v2\/pages\/70\/revisions"}],"wp:attachment":[{"href":"http:\/\/www.jedlegastany.sk\/index.php?rest_route=%2Fwp%2Fv2%2Fmedia&parent=70"}],"curies":[{"name":"wp","href":"https:\/\/api.w.org\/{rel}","templated":true}]}}